{"id":23,"date":"2025-12-01T02:30:34","date_gmt":"2024-07-17T13:23:28","guid":{"rendered":"https:\/\/www.gruppoghedini.it\/peugeot\/?post_type=veicoli&#038;p=23"},"modified":"2025-12-01T04:30:34","modified_gmt":"2025-12-01T03:30:34","slug":"peugeot-e-rifter","status":"publish","type":"veicoli","link":"https:\/\/www.gruppoghedini.it\/peugeot\/veicoli\/peugeot-e-rifter\/","title":{"rendered":"Peugeot E-Rifter a Bologna"},"content":{"rendered":"\n<p><strong>Peugeot E-Rifter<\/strong> \u00e8 il veicolo elettrico multiuso ideale per chi cerca avventure e praticit\u00e0 nel cuore di Bologna. Grazie a un design robusto e dimensioni importanti, E-Rifter si distingue per uno stile audace e deciso. Perfetto per chi ama la vita all\u2019aria aperta, il modello combina estetica moderna con funzionalit\u00e0 avanzate. La griglia anteriore ridisegnata, i fari full LED con i caratteristici tre artigli e la possibilit\u00e0 di scegliere tra cinque colorazioni diverse, ti permettono di esprimere il tuo stile unico in ogni occasione.<\/p>\n\n\n\n<h2 class=\"wp-block-heading\">Motorizzazione elettrica: potenza e autonomia<\/h2>\n\n\n\n<p><strong>Peugeot E-Rifter <\/strong>\u00e8 equipaggiato con un<strong> motore elettrico<\/strong> che garantisce un\u2019esperienza di guida fluida e dinamica. Con un&#8217;<strong>autonomia di 343 km<\/strong> certificata WLTP, \u00e8 la soluzione ideale per affrontare qualsiasi tragitto, dalle brevi commissioni quotidiane alle avventure pi\u00f9 lunghe. La tecnologia di frenata rigenerativa, gestibile direttamente dal volante, consente di recuperare energia durante la guida, ottimizzando ulteriormente l&#8217;autonomia del veicolo. La ricarica pu\u00f2 essere facilmente gestita grazie alla compatibilit\u00e0 con diverse tipologie di stazioni di ricarica.<\/p>\n\n\n\n<h2 class=\"wp-block-heading\">Interni spaziosi e confortevoli con il Peugeot i-Cockpit\u00ae<\/h2>\n\n\n\n<p>L&#8217;<strong>interno del Peugeot E-Rifter<\/strong> \u00e8 progettato per garantire <strong>comfort e piacere di guida<\/strong> in ogni situazione. Dotato del sistema<em> Peugeot i-Cockpit\u00ae<\/em>, l&#8217;abitacolo offre un\u2019esperienza ergonomica e intuitiva, con comandi facilmente accessibili e una disposizione spaziosa. La modularit\u00e0 degli interni permette di adattare lo spazio alle tue esigenze, rendendo il veicolo perfetto sia per la famiglia che per il trasporto di attrezzature sportive o altri carichi. L&#8217;assistenza alla guida di ultima generazione, inclusa nei sistemi avanzati di sicurezza, ti permette di viaggiare in totale serenit\u00e0.<\/p>\n\n\n\n<h2 class=\"wp-block-heading\">Tecnologie innovative per una guida sicura e connessa<\/h2>\n\n\n\n<p><strong>Peugeot E-Rifter<\/strong> non \u00e8 solo potenza ed estetica: \u00e8 anche un concentrato di tecnologia avanzata. I servizi connessi offrono una gamma completa di funzionalit\u00e0, dall&#8217;intrattenimento all&#8217;assistenza alla guida, rendendo ogni viaggio sicuro e piacevole. Il <strong>sistema di infotainment <\/strong>\u00e8 intuitivo e personalizzabile, mentre i sistemi di assistenza alla guida includono tecnologie come il cruise control adattivo e il sistema di mantenimento della corsia. E-Rifter \u00e8 progettato per offrirti un&#8217;esperienza di guida all\u2019avanguardia, in perfetto equilibrio tra innovazione e sostenibilit\u00e0.<\/p>\n\n\n\n<h2 class=\"wp-block-heading\">Gruppo Ghedini \u00e8 la tua concessionaria ufficiale Peugeot a Bologna<\/h2>\n\n\n\n<p>Vieni a trovarci in concessionaria da&nbsp;<strong>Gruppo Ghedini a Bologna<\/strong>&nbsp;e scopri&nbsp;<strong>Peugeot E-Rifter<\/strong>.<br>Rivolgiti a&nbsp;<strong>Gruppo Ghedini&nbsp;<\/strong>per ottenere finanziamenti personalizzati, tassi di interesse agevolati e servizi di assistenza e manutenzione effettuati da professionisti competenti.<br>Scopri tutti i modelli della gamma Peugeot nella&nbsp;<strong>concessionaria ufficiale Peugeot Gruppo Ghedini a Bologna<\/strong>.<\/p>\n\n\n\n<div style=\"height:20px\" aria-hidden=\"true\" class=\"wp-block-spacer\"><\/div>\n\n\n\n<figure class=\"wp-block-gallery has-nested-images columns-default is-cropped wp-block-gallery-1 is-layout-flex wp-block-gallery-is-layout-flex\">\n<figure class=\"wp-block-image size-large\"><a href=\"https:\/\/www.gruppoghedini.it\/peugeot\/wp-content\/uploads\/sites\/14\/2024\/07\/peugeot-e-rifter-a-bologna-gallery-5.jpg\"><img fetchpriority=\"high\" decoding=\"async\" width=\"1024\" height=\"578\" data-id=\"9310\" src=\"https:\/\/www.gruppoghedini.it\/peugeot\/wp-content\/uploads\/sites\/14\/2024\/07\/peugeot-e-rifter-a-bologna-gallery-5-1024x578.jpg\" alt=\"Peugeot E-Rifter a Bologna\" class=\"wp-image-9310\" title=\"\" srcset=\"https:\/\/www.gruppoghedini.it\/peugeot\/wp-content\/uploads\/sites\/14\/2024\/07\/peugeot-e-rifter-a-bologna-gallery-5-1024x578.jpg 1024w, https:\/\/www.gruppoghedini.it\/peugeot\/wp-content\/uploads\/sites\/14\/2024\/07\/peugeot-e-rifter-a-bologna-gallery-5-768x434.jpg 768w, https:\/\/www.gruppoghedini.it\/peugeot\/wp-content\/uploads\/sites\/14\/2024\/07\/peugeot-e-rifter-a-bologna-gallery-5-1536x867.jpg 1536w, https:\/\/www.gruppoghedini.it\/peugeot\/wp-content\/uploads\/sites\/14\/2024\/07\/peugeot-e-rifter-a-bologna-gallery-5-700x395.jpg 700w, https:\/\/www.gruppoghedini.it\/peugeot\/wp-content\/uploads\/sites\/14\/2024\/07\/peugeot-e-rifter-a-bologna-gallery-5-250x141.jpg 250w, https:\/\/www.gruppoghedini.it\/peugeot\/wp-content\/uploads\/sites\/14\/2024\/07\/peugeot-e-rifter-a-bologna-gallery-5.jpg 1920w\" sizes=\"(max-width: 1024px) 100vw, 1024px\" \/><\/a><\/figure>\n\n\n\n<figure class=\"wp-block-image size-large\"><a href=\"https:\/\/www.gruppoghedini.it\/peugeot\/wp-content\/uploads\/sites\/14\/2024\/07\/peugeot-e-rifter-a-bologna-gallery-4.jpg\"><img decoding=\"async\" width=\"1024\" height=\"578\" data-id=\"9312\" src=\"https:\/\/www.gruppoghedini.it\/peugeot\/wp-content\/uploads\/sites\/14\/2024\/07\/peugeot-e-rifter-a-bologna-gallery-4-1024x578.jpg\" alt=\"Peugeot E-Rifter a Bologna\" class=\"wp-image-9312\" title=\"\" srcset=\"https:\/\/www.gruppoghedini.it\/peugeot\/wp-content\/uploads\/sites\/14\/2024\/07\/peugeot-e-rifter-a-bologna-gallery-4-1024x578.jpg 1024w, https:\/\/www.gruppoghedini.it\/peugeot\/wp-content\/uploads\/sites\/14\/2024\/07\/peugeot-e-rifter-a-bologna-gallery-4-768x434.jpg 768w, https:\/\/www.gruppoghedini.it\/peugeot\/wp-content\/uploads\/sites\/14\/2024\/07\/peugeot-e-rifter-a-bologna-gallery-4-1536x867.jpg 1536w, https:\/\/www.gruppoghedini.it\/peugeot\/wp-content\/uploads\/sites\/14\/2024\/07\/peugeot-e-rifter-a-bologna-gallery-4-700x395.jpg 700w, https:\/\/www.gruppoghedini.it\/peugeot\/wp-content\/uploads\/sites\/14\/2024\/07\/peugeot-e-rifter-a-bologna-gallery-4-250x141.jpg 250w, https:\/\/www.gruppoghedini.it\/peugeot\/wp-content\/uploads\/sites\/14\/2024\/07\/peugeot-e-rifter-a-bologna-gallery-4.jpg 1920w\" sizes=\"(max-width: 1024px) 100vw, 1024px\" \/><\/a><\/figure>\n\n\n\n<figure class=\"wp-block-image size-large\"><a href=\"https:\/\/www.gruppoghedini.it\/peugeot\/wp-content\/uploads\/sites\/14\/2024\/07\/peugeot-e-rifter-a-bologna-gallery-3.jpg\"><img decoding=\"async\" width=\"1024\" height=\"645\" data-id=\"9308\" src=\"https:\/\/www.gruppoghedini.it\/peugeot\/wp-content\/uploads\/sites\/14\/2024\/07\/peugeot-e-rifter-a-bologna-gallery-3-1024x645.jpg\" alt=\"Peugeot E-Rifter a Bologna\" class=\"wp-image-9308\" title=\"\" srcset=\"https:\/\/www.gruppoghedini.it\/peugeot\/wp-content\/uploads\/sites\/14\/2024\/07\/peugeot-e-rifter-a-bologna-gallery-3-1024x645.jpg 1024w, https:\/\/www.gruppoghedini.it\/peugeot\/wp-content\/uploads\/sites\/14\/2024\/07\/peugeot-e-rifter-a-bologna-gallery-3-768x484.jpg 768w, https:\/\/www.gruppoghedini.it\/peugeot\/wp-content\/uploads\/sites\/14\/2024\/07\/peugeot-e-rifter-a-bologna-gallery-3-1536x967.jpg 1536w, https:\/\/www.gruppoghedini.it\/peugeot\/wp-content\/uploads\/sites\/14\/2024\/07\/peugeot-e-rifter-a-bologna-gallery-3-700x441.jpg 700w, https:\/\/www.gruppoghedini.it\/peugeot\/wp-content\/uploads\/sites\/14\/2024\/07\/peugeot-e-rifter-a-bologna-gallery-3-250x157.jpg 250w, https:\/\/www.gruppoghedini.it\/peugeot\/wp-content\/uploads\/sites\/14\/2024\/07\/peugeot-e-rifter-a-bologna-gallery-3.jpg 1588w\" sizes=\"(max-width: 1024px) 100vw, 1024px\" \/><\/a><\/figure>\n\n\n\n<figure class=\"wp-block-image size-large\"><a href=\"https:\/\/www.gruppoghedini.it\/peugeot\/wp-content\/uploads\/sites\/14\/2024\/07\/peugeot-e-rifter-a-bologna-gallery-2.jpg\"><img loading=\"lazy\" decoding=\"async\" width=\"1024\" height=\"645\" data-id=\"9309\" src=\"https:\/\/www.gruppoghedini.it\/peugeot\/wp-content\/uploads\/sites\/14\/2024\/07\/peugeot-e-rifter-a-bologna-gallery-2-1024x645.jpg\" alt=\"Peugeot E-Rifter a Bologna\" class=\"wp-image-9309\" title=\"\" srcset=\"https:\/\/www.gruppoghedini.it\/peugeot\/wp-content\/uploads\/sites\/14\/2024\/07\/peugeot-e-rifter-a-bologna-gallery-2-1024x645.jpg 1024w, https:\/\/www.gruppoghedini.it\/peugeot\/wp-content\/uploads\/sites\/14\/2024\/07\/peugeot-e-rifter-a-bologna-gallery-2-768x484.jpg 768w, https:\/\/www.gruppoghedini.it\/peugeot\/wp-content\/uploads\/sites\/14\/2024\/07\/peugeot-e-rifter-a-bologna-gallery-2-1536x967.jpg 1536w, https:\/\/www.gruppoghedini.it\/peugeot\/wp-content\/uploads\/sites\/14\/2024\/07\/peugeot-e-rifter-a-bologna-gallery-2-700x441.jpg 700w, https:\/\/www.gruppoghedini.it\/peugeot\/wp-content\/uploads\/sites\/14\/2024\/07\/peugeot-e-rifter-a-bologna-gallery-2-250x157.jpg 250w, https:\/\/www.gruppoghedini.it\/peugeot\/wp-content\/uploads\/sites\/14\/2024\/07\/peugeot-e-rifter-a-bologna-gallery-2.jpg 1588w\" sizes=\"(max-width: 1024px) 100vw, 1024px\" \/><\/a><\/figure>\n\n\n\n<figure class=\"wp-block-image size-large\"><a href=\"https:\/\/www.gruppoghedini.it\/peugeot\/wp-content\/uploads\/sites\/14\/2024\/07\/peugeot-e-rifter-a-bologna-gallery-1.jpg\"><img loading=\"lazy\" decoding=\"async\" width=\"1024\" height=\"429\" data-id=\"9311\" src=\"https:\/\/www.gruppoghedini.it\/peugeot\/wp-content\/uploads\/sites\/14\/2024\/07\/peugeot-e-rifter-a-bologna-gallery-1-1024x429.jpg\" alt=\"Peugeot E-Rifter a Bologna\" class=\"wp-image-9311\" title=\"\" srcset=\"https:\/\/www.gruppoghedini.it\/peugeot\/wp-content\/uploads\/sites\/14\/2024\/07\/peugeot-e-rifter-a-bologna-gallery-1-1024x429.jpg 1024w, https:\/\/www.gruppoghedini.it\/peugeot\/wp-content\/uploads\/sites\/14\/2024\/07\/peugeot-e-rifter-a-bologna-gallery-1-768x322.jpg 768w, https:\/\/www.gruppoghedini.it\/peugeot\/wp-content\/uploads\/sites\/14\/2024\/07\/peugeot-e-rifter-a-bologna-gallery-1-1536x643.jpg 1536w, https:\/\/www.gruppoghedini.it\/peugeot\/wp-content\/uploads\/sites\/14\/2024\/07\/peugeot-e-rifter-a-bologna-gallery-1-700x293.jpg 700w, https:\/\/www.gruppoghedini.it\/peugeot\/wp-content\/uploads\/sites\/14\/2024\/07\/peugeot-e-rifter-a-bologna-gallery-1-250x105.jpg 250w, https:\/\/www.gruppoghedini.it\/peugeot\/wp-content\/uploads\/sites\/14\/2024\/07\/peugeot-e-rifter-a-bologna-gallery-1.jpg 1920w\" sizes=\"(max-width: 1024px) 100vw, 1024px\" \/><\/a><\/figure>\n<\/figure>\n\n\n\n<p><\/p>\n","protected":false},"excerpt":{"rendered":"<p>Nuova Peugeot E-Rifter a Bologna<\/p>\n","protected":false},"featured_media":9406,"parent":0,"menu_order":1,"template":"","veicoli_categoria":[],"veicoli_tipologia":[7],"veicoli_cambio":[],"veicoli_carrozzeria":[],"veicoli_tag":[],"veicoli_promozioni":[],"veicoli_alimentazione":[6],"veicoli_sede":[],"veicoli_modello":[2,16],"class_list":["post-23","veicoli","type-veicoli","status-publish","has-post-thumbnail","hentry","veicoli_tipologia-nuovo","veicoli_alimentazione-elettrico","veicoli_modello-peugeot","veicoli_modello-e-rifter"],"acf":[],"_links":{"self":[{"href":"https:\/\/www.gruppoghedini.it\/peugeot\/wp-json\/wp\/v2\/veicoli\/23","targetHints":{"allow":["GET"]}}],"collection":[{"href":"https:\/\/www.gruppoghedini.it\/peugeot\/wp-json\/wp\/v2\/veicoli"}],"about":[{"href":"https:\/\/www.gruppoghedini.it\/peugeot\/wp-json\/wp\/v2\/types\/veicoli"}],"wp:featuredmedia":[{"embeddable":true,"href":"https:\/\/www.gruppoghedini.it\/peugeot\/wp-json\/wp\/v2\/media\/9406"}],"wp:attachment":[{"href":"https:\/\/www.gruppoghedini.it\/peugeot\/wp-json\/wp\/v2\/media?parent=23"}],"wp:term":[{"taxonomy":"veicoli_categoria","embeddable":true,"href":"https:\/\/www.gruppoghedini.it\/peugeot\/wp-json\/wp\/v2\/veicoli_categoria?post=23"},{"taxonomy":"veicoli_tipologia","embeddable":true,"href":"https:\/\/www.gruppoghedini.it\/peugeot\/wp-json\/wp\/v2\/veicoli_tipologia?post=23"},{"taxonomy":"veicoli_cambio","embeddable":true,"href":"https:\/\/www.gruppoghedini.it\/peugeot\/wp-json\/wp\/v2\/veicoli_cambio?post=23"},{"taxonomy":"veicoli_carrozzeria","embeddable":true,"href":"https:\/\/www.gruppoghedini.it\/peugeot\/wp-json\/wp\/v2\/veicoli_carrozzeria?post=23"},{"taxonomy":"veicoli_tag","embeddable":true,"href":"https:\/\/www.gruppoghedini.it\/peugeot\/wp-json\/wp\/v2\/veicoli_tag?post=23"},{"taxonomy":"veicoli_promozioni","embeddable":true,"href":"https:\/\/www.gruppoghedini.it\/peugeot\/wp-json\/wp\/v2\/veicoli_promozioni?post=23"},{"taxonomy":"veicoli_alimentazione","embeddable":true,"href":"https:\/\/www.gruppoghedini.it\/peugeot\/wp-json\/wp\/v2\/veicoli_alimentazione?post=23"},{"taxonomy":"veicoli_sede","embeddable":true,"href":"https:\/\/www.gruppoghedini.it\/peugeot\/wp-json\/wp\/v2\/veicoli_sede?post=23"},{"taxonomy":"veicoli_modello","embeddable":true,"href":"https:\/\/www.gruppoghedini.it\/peugeot\/wp-json\/wp\/v2\/veicoli_modello?post=23"}],"curies":[{"name":"wp","href":"https:\/\/api.w.org\/{rel}","templated":true}]}}